{"id":3749,"date":"2014-05-20T15:50:57","date_gmt":"2014-05-20T13:50:57","guid":{"rendered":"https:\/\/www.schlossvelthurns.it\/?page_id=3749"},"modified":"2014-06-13T15:58:22","modified_gmt":"2014-06-13T13:58:22","slug":"le-collezioni-darte","status":"publish","type":"page","link":"https:\/\/www.schlossvelthurns.it\/it\/le-collezioni-darte\/","title":{"rendered":"Le collezioni d&#8217;arte"},"content":{"rendered":"<div  class='flex_column av-av_one_full-2a9015ff38129c418a3f2eafba3e9512 av_one_full  avia-builder-el-0  el_before_av_one_full  avia-builder-el-first  first flex_column_div  '     ><p>\n<style type=\"text\/css\" data-created_by=\"avia_inline_auto\" id=\"style-css-av-av_heading-bdb62649036289adc1ba83f59ed8f563\">\n#top .av-special-heading.av-av_heading-bdb62649036289adc1ba83f59ed8f563{\npadding-bottom:10px;\n}\nbody .av-special-heading.av-av_heading-bdb62649036289adc1ba83f59ed8f563 .av-special-heading-tag .heading-char{\nfont-size:25px;\n}\n.av-special-heading.av-av_heading-bdb62649036289adc1ba83f59ed8f563 .av-subheading{\nfont-size:10px;\n}\n<\/style>\n<div  class='av-special-heading av-av_heading-bdb62649036289adc1ba83f59ed8f563 av-special-heading-h1 blockquote modern-quote  avia-builder-el-1  el_before_av_slideshow  avia-builder-el-first '><h1 class='av-special-heading-tag '  itemprop=\"headline\"  >Le collezioni d\u2019arte<\/h1><div class=\"special-heading-border\"><div class=\"special-heading-inner-border\"><\/div><\/div><\/div><br \/>\n<div  class='avia-slideshow av-av_slideshow-4ab43b443aaf1d4d827b0019ee2abf0a avia-slideshow-no scaling av_slideshow avia-fade-slider  avia-builder-el-2  el_after_av_heading  avia-builder-el-last  av-slideshow-ui av-control-default av-slideshow-autoplay av-loop-endless av-loop-manual-endless av-default-height-applied avia-slideshow-1' data-slideshow-options=\"{&quot;animation&quot;:&quot;fade&quot;,&quot;autoplay&quot;:true,&quot;loop_autoplay&quot;:&quot;endless&quot;,&quot;interval&quot;:8,&quot;loop_manual&quot;:&quot;manual-endless&quot;,&quot;autoplay_stopper&quot;:false,&quot;noNavigation&quot;:false,&quot;bg_slider&quot;:false,&quot;keep_padding&quot;:false,&quot;hoverpause&quot;:false,&quot;show_slide_delay&quot;:0}\"  itemprop=\"image\" itemscope=\"itemscope\" itemtype=\"https:\/\/schema.org\/ImageObject\" ><ul class='avia-slideshow-inner ' style='padding-bottom: 66.7%;'><li  class='avia-slideshow-slide av-av_slideshow-4ab43b443aaf1d4d827b0019ee2abf0a__0  slide-1 slide-odd'><a href=\"https:\/\/www.schlossvelthurns.it\/wp-content\/uploads\/2014\/04\/schloss-velthurns-kunstsammlungen.jpg\" data-srcset=\"https:\/\/www.schlossvelthurns.it\/wp-content\/uploads\/2014\/04\/schloss-velthurns-kunstsammlungen.jpg 1000w, https:\/\/www.schlossvelthurns.it\/wp-content\/uploads\/2014\/04\/schloss-velthurns-kunstsammlungen-300x200.jpg 300w, https:\/\/www.schlossvelthurns.it\/wp-content\/uploads\/2014\/04\/schloss-velthurns-kunstsammlungen-705x470.jpg 705w, https:\/\/www.schlossvelthurns.it\/wp-content\/uploads\/2014\/04\/schloss-velthurns-kunstsammlungen-450x300.jpg 450w\" data-sizes=\"(max-width: 1000px) 100vw, 1000px\"  data-rel='slideshow-1' class='avia-slide-wrap '   ><img decoding=\"async\" fetchpriority=\"high\" class=\"wp-image-3524 avia-img-lazy-loading-not-3524\"  src=\"https:\/\/www.schlossvelthurns.it\/wp-content\/uploads\/2014\/04\/schloss-velthurns-kunstsammlungen.jpg\" width=\"1000\" height=\"667\" title='schloss-velthurns-kunstsammlungen' alt=''  itemprop=\"thumbnailUrl\" srcset=\"https:\/\/www.schlossvelthurns.it\/wp-content\/uploads\/2014\/04\/schloss-velthurns-kunstsammlungen.jpg 1000w, https:\/\/www.schlossvelthurns.it\/wp-content\/uploads\/2014\/04\/schloss-velthurns-kunstsammlungen-300x200.jpg 300w, https:\/\/www.schlossvelthurns.it\/wp-content\/uploads\/2014\/04\/schloss-velthurns-kunstsammlungen-705x470.jpg 705w, https:\/\/www.schlossvelthurns.it\/wp-content\/uploads\/2014\/04\/schloss-velthurns-kunstsammlungen-450x300.jpg 450w\" sizes=\"(max-width: 1000px) 100vw, 1000px\" \/><\/a><\/li><li  class='avia-slideshow-slide av-av_slideshow-4ab43b443aaf1d4d827b0019ee2abf0a__1  slide-2 slide-even'><a href=\"https:\/\/www.schlossvelthurns.it\/wp-content\/uploads\/2014\/04\/schloss-velthurns-kunstsammlungen2.jpg\" data-srcset=\"https:\/\/www.schlossvelthurns.it\/wp-content\/uploads\/2014\/04\/schloss-velthurns-kunstsammlungen2.jpg 1000w, https:\/\/www.schlossvelthurns.it\/wp-content\/uploads\/2014\/04\/schloss-velthurns-kunstsammlungen2-300x200.jpg 300w, https:\/\/www.schlossvelthurns.it\/wp-content\/uploads\/2014\/04\/schloss-velthurns-kunstsammlungen2-705x470.jpg 705w, https:\/\/www.schlossvelthurns.it\/wp-content\/uploads\/2014\/04\/schloss-velthurns-kunstsammlungen2-450x300.jpg 450w\" data-sizes=\"(max-width: 1000px) 100vw, 1000px\"  data-rel='slideshow-1' class='avia-slide-wrap '   ><img decoding=\"async\" fetchpriority=\"high\" class=\"wp-image-3521 avia-img-lazy-loading-not-3521\"  src=\"https:\/\/www.schlossvelthurns.it\/wp-content\/uploads\/2014\/04\/schloss-velthurns-kunstsammlungen2.jpg\" width=\"1000\" height=\"667\" title='schloss-velthurns-kunstsammlungen2' alt=''  itemprop=\"thumbnailUrl\" srcset=\"https:\/\/www.schlossvelthurns.it\/wp-content\/uploads\/2014\/04\/schloss-velthurns-kunstsammlungen2.jpg 1000w, https:\/\/www.schlossvelthurns.it\/wp-content\/uploads\/2014\/04\/schloss-velthurns-kunstsammlungen2-300x200.jpg 300w, https:\/\/www.schlossvelthurns.it\/wp-content\/uploads\/2014\/04\/schloss-velthurns-kunstsammlungen2-705x470.jpg 705w, https:\/\/www.schlossvelthurns.it\/wp-content\/uploads\/2014\/04\/schloss-velthurns-kunstsammlungen2-450x300.jpg 450w\" sizes=\"(max-width: 1000px) 100vw, 1000px\" \/><\/a><\/li><\/ul><div class='avia-slideshow-arrows avia-slideshow-controls' ><a href='#prev' class='prev-slide  avia-svg-icon avia-font-svg_entypo-fontello' data-av_svg_icon='left-open-big' data-av_iconset='svg_entypo-fontello' tabindex='-1' title=\"Prec\"><svg version=\"1.1\" xmlns=\"http:\/\/www.w3.org\/2000\/svg\" width=\"15\" height=\"32\" viewBox=\"0 0 15 32\" preserveAspectRatio=\"xMidYMid meet\" aria-labelledby='av-svg-title-1' aria-describedby='av-svg-desc-1' role=\"graphics-symbol\" aria-hidden=\"true\">\n<title id='av-svg-title-1'>Prec<\/title>\n<desc id='av-svg-desc-1'>Prec<\/desc>\n<path d=\"M14.464 27.84q0.832 0.832 0 1.536-0.832 0.832-1.536 0l-12.544-12.608q-0.768-0.768 0-1.6l12.544-12.608q0.704-0.832 1.536 0 0.832 0.704 0 1.536l-11.456 11.904z\"><\/path>\n<\/svg><span class='avia_hidden_link_text'>Prec<\/span><\/a><a href='#next' class='next-slide  avia-svg-icon avia-font-svg_entypo-fontello' data-av_svg_icon='right-open-big' data-av_iconset='svg_entypo-fontello' tabindex='-1' title=\"Succ\"><svg version=\"1.1\" xmlns=\"http:\/\/www.w3.org\/2000\/svg\" width=\"15\" height=\"32\" viewBox=\"0 0 15 32\" preserveAspectRatio=\"xMidYMid meet\" aria-labelledby='av-svg-title-2' aria-describedby='av-svg-desc-2' role=\"graphics-symbol\" aria-hidden=\"true\">\n<title id='av-svg-title-2'>Succ<\/title>\n<desc id='av-svg-desc-2'>Succ<\/desc>\n<path d=\"M0.416 27.84l11.456-11.84-11.456-11.904q-0.832-0.832 0-1.536 0.832-0.832 1.536 0l12.544 12.608q0.768 0.832 0 1.6l-12.544 12.608q-0.704 0.832-1.536 0-0.832-0.704 0-1.536z\"><\/path>\n<\/svg><span class='avia_hidden_link_text'>Succ<\/span><\/a><\/div><div class='avia-slideshow-dots avia-slideshow-controls'><a href='#1' class='goto-slide active' >1<\/a><a href='#2' class='goto-slide ' >2<\/a><\/div><\/div><\/p><\/div><div  class='flex_column av-av_one_full-2a9015ff38129c418a3f2eafba3e9512 av_one_full  avia-builder-el-3  el_after_av_one_full  avia-builder-el-last  first flex_column_div  column-top-margin'     ><section  class='av_textblock_section av-av_textblock-41ffad917e94b84caba77a0632290d8a '   itemscope=\"itemscope\" itemtype=\"https:\/\/schema.org\/CreativeWork\" ><div class='avia_textblock'  itemprop=\"text\" ><p>In due sale al pian terreno sono esposte opere d\u2019arte provenienti dall\u2019Alto Adige che erano state provvisoriamente collocate nel Castello del Buonconsiglio di Trento nel primo dopoguerra. Nel 1979 furono cedute alla Provincia Autonoma di Bolzano. La prima sala, che presenta lo stemma del principe vescovo Thomas von Spaur sul battente della propria porta, \u00e8 degna di nota in particolare per i plastici e le tavole che vi sono esposti. Il pezzo pi\u00f9 importante sono le portelle dell\u2019altare di Mules risalenti al 1515 circa che sul lato esterno mostrano la Sacra Famiglia nella casa di Nazareth, mentre su quello interno i Santi Ausiliatori. Il pittore che dipinse le portelle va ricercato nella cerchia degli artisti brissinesi. Il rilievo con la Presentazione al Tempio proviene da un altare a portelle costruito nella bottega del brissinese Klocker attorno al 1500; la provenienza non \u00e8 nota. Le due statuette di legno raffiguranti San Sebastiano e un martire con la spada, acquistate nel 1989, furono realizzate nella Germania meridionale da un successore di Hans Leinberger. L\u2019albero genealogico dei Wolkenstein fu commissionato nel XVII secolo dal conte Ferdinand Karl von Wolkenstein-Trostburg (\u2020 1688) come prova della sua nobilt\u00e0.<\/p>\n<p>La pala d\u2019altare, del 1600 circa, raffigurante l\u2019Assunzione e l\u2019Incoronazione di Maria, di cui si conservano solo alcuni frammenti, proviene dalla cappella di M\u00fchlbachl presso Gais, sebbene originariamente dovesse trovarsi nella chiesa parrocchiale del paese (prestito della famiglia Wolfsgruber). Da menzionare \u00e8 inoltre un plastico tardogotico (1489\/90 circa) rappresentante Sant\u2019Osvaldo. Il San Cristoforo, giunto a noi non colorato, risale invece al XVI secolo. L\u2019apostolo addormentato appartiene a una scena del Monte Calvario del XIX secolo. Da un\u2019ambientazione sul Monte Calvario proviene anche una Maria inginocchiata con un fazzoletto nella mano destra; originariamente era collocata in una scena del congedo di Cristo dalla madre, episodio che tradizionalmente d\u00e0 inizio alla Passione di Cristo. Particolarmente interessante \u00e8 anche la tavola risalente al XVI secolo in cui \u00e8 rappresentato il bagno di Atteone nelle acque di Diana: come punizione per il sacrilegio commesso, questi viene trasformato in un cervo.<\/p>\n<p>La sala attigua ospita una serie di tavole appartenenti al periodo dal XVII al XX secolo. Tra queste si annovera lo studio di una danza macabra realizzata dal pittore del Tirolo orientale Albin Egger Lienz (1868\u20131926). Di Matthias Schmid (1835\u20131923) \u00e8 invece una scena rurale incentrata sui canti di un coro dedicati in questo caso a una giovane donna. Josef Moroder-Lusenberg (1846\u20131939) dipinse il ritratto di una dama con una mantellina di pelliccia. A Joachim Franz Beich (1665\u20131748) sono attribuiti diversi paesaggi, mentre al pittore Ludolf Backhuijsen (1621\u20131706) una scena di mare. Agli inizi del XIX secolo risale invece la pala raffigurante Sant\u2019Anna e la relativa immagine a coronamento dell\u2019altare con San Giuseppe. Del pittore di Francoforte Franz Josef Textor (\u2020 1741) sono le due scene della danza dei contadini. Al pittore Anton Hickel (1745-1798) originario di Krumlov Ceca sono invece attribuite le due tavole con pezzi di genere. I ritratti del 1788 dei due personaggi di Caldaro, ovvero Franz Rochus de Thavon di 74 anni e la sua consorte Maria Katharina nata von Part di Ampo\u00dfegg di 54 anni, sono opera di un pittore locale di Caldaro. Il ritratto di Margareth Elisabeth Mecklenburg, principessa di Weden, Schwerin, Rostock e Stargard, risale al XVII secolo. Tra le opere esposte \u00e8 presente inoltre il ritratto a figura intera di Philipp Julius zu Stettin und Pommern (1584\u20131625) che riporta le iniziali A.R.. Philipp Julius era il figlio del duca Ernst Ludwig von Pommern-Wolgast; la sua educazione fu affidata al precettore di corte Friedrich Gerschow. Nel ritratto a figura intera di un uomo armato con bastone di comando e bandiera militare, risalente al primo Barocco, \u00e8 stato identificato il generale Wallenstein. Un giovane uomo con cesto di fiori e liuto \u00e8 stato interpretato come l\u2019allegoria della Primavera con un grande parco sullo sfondo.<\/p>\n<\/div><\/section><\/div><\/p>\n","protected":false},"excerpt":{"rendered":"","protected":false},"author":2,"featured_media":0,"parent":0,"menu_order":0,"comment_status":"closed","ping_status":"closed","template":"","meta":{"footnotes":""},"class_list":["post-3749","page","type-page","status-publish","hentry"],"yoast_head":"<!-- This site is optimized with the Yoast SEO plugin v27.5 - https:\/\/yoast.com\/product\/yoast-seo-wordpress\/ -->\n<title>Le collezioni d&#039;arte<\/title>\n<meta name=\"robots\" content=\"index, follow, max-snippet:-1, max-image-preview:large, max-video-preview:-1\" \/>\n<link rel=\"canonical\" href=\"https:\/\/www.schlossvelthurns.it\/it\/le-collezioni-darte\/\" \/>\n<meta property=\"og:locale\" content=\"it_IT\" \/>\n<meta property=\"og:type\" content=\"article\" \/>\n<meta property=\"og:title\" content=\"Le collezioni d&#039;arte\" \/>\n<meta property=\"og:url\" content=\"https:\/\/www.schlossvelthurns.it\/it\/le-collezioni-darte\/\" \/>\n<meta property=\"og:site_name\" content=\"Castel Velturno\" \/>\n<meta property=\"article:modified_time\" content=\"2014-06-13T13:58:22+00:00\" \/>\n<meta name=\"twitter:label1\" content=\"Tempo di lettura stimato\" \/>\n\t<meta name=\"twitter:data1\" content=\"4 minuti\" \/>\n<script type=\"application\/ld+json\" class=\"yoast-schema-graph\">{\"@context\":\"https:\\\/\\\/schema.org\",\"@graph\":[{\"@type\":\"WebPage\",\"@id\":\"https:\\\/\\\/www.schlossvelthurns.it\\\/it\\\/le-collezioni-darte\\\/\",\"url\":\"https:\\\/\\\/www.schlossvelthurns.it\\\/it\\\/le-collezioni-darte\\\/\",\"name\":\"Le collezioni d'arte\",\"isPartOf\":{\"@id\":\"https:\\\/\\\/www.schlossvelthurns.it\\\/it\\\/#website\"},\"datePublished\":\"2014-05-20T13:50:57+00:00\",\"dateModified\":\"2014-06-13T13:58:22+00:00\",\"breadcrumb\":{\"@id\":\"https:\\\/\\\/www.schlossvelthurns.it\\\/it\\\/le-collezioni-darte\\\/#breadcrumb\"},\"inLanguage\":\"it-IT\",\"potentialAction\":[{\"@type\":\"ReadAction\",\"target\":[\"https:\\\/\\\/www.schlossvelthurns.it\\\/it\\\/le-collezioni-darte\\\/\"]}]},{\"@type\":\"BreadcrumbList\",\"@id\":\"https:\\\/\\\/www.schlossvelthurns.it\\\/it\\\/le-collezioni-darte\\\/#breadcrumb\",\"itemListElement\":[{\"@type\":\"ListItem\",\"position\":1,\"name\":\"Home\",\"item\":\"https:\\\/\\\/www.schlossvelthurns.it\\\/it\\\/castel-velturno\\\/\"},{\"@type\":\"ListItem\",\"position\":2,\"name\":\"Le collezioni d&#8217;arte\"}]},{\"@type\":\"WebSite\",\"@id\":\"https:\\\/\\\/www.schlossvelthurns.it\\\/it\\\/#website\",\"url\":\"https:\\\/\\\/www.schlossvelthurns.it\\\/it\\\/\",\"name\":\"Castel Velturno\",\"description\":\"La residenza estiva dei principi vescovi\",\"potentialAction\":[{\"@type\":\"SearchAction\",\"target\":{\"@type\":\"EntryPoint\",\"urlTemplate\":\"https:\\\/\\\/www.schlossvelthurns.it\\\/it\\\/?s={search_term_string}\"},\"query-input\":{\"@type\":\"PropertyValueSpecification\",\"valueRequired\":true,\"valueName\":\"search_term_string\"}}],\"inLanguage\":\"it-IT\"}]}<\/script>\n<!-- \/ Yoast SEO plugin. -->","yoast_head_json":{"title":"Le collezioni d'arte","robots":{"index":"index","follow":"follow","max-snippet":"max-snippet:-1","max-image-preview":"max-image-preview:large","max-video-preview":"max-video-preview:-1"},"canonical":"https:\/\/www.schlossvelthurns.it\/it\/le-collezioni-darte\/","og_locale":"it_IT","og_type":"article","og_title":"Le collezioni d'arte","og_url":"https:\/\/www.schlossvelthurns.it\/it\/le-collezioni-darte\/","og_site_name":"Castel Velturno","article_modified_time":"2014-06-13T13:58:22+00:00","twitter_misc":{"Tempo di lettura stimato":"4 minuti"},"schema":{"@context":"https:\/\/schema.org","@graph":[{"@type":"WebPage","@id":"https:\/\/www.schlossvelthurns.it\/it\/le-collezioni-darte\/","url":"https:\/\/www.schlossvelthurns.it\/it\/le-collezioni-darte\/","name":"Le collezioni d'arte","isPartOf":{"@id":"https:\/\/www.schlossvelthurns.it\/it\/#website"},"datePublished":"2014-05-20T13:50:57+00:00","dateModified":"2014-06-13T13:58:22+00:00","breadcrumb":{"@id":"https:\/\/www.schlossvelthurns.it\/it\/le-collezioni-darte\/#breadcrumb"},"inLanguage":"it-IT","potentialAction":[{"@type":"ReadAction","target":["https:\/\/www.schlossvelthurns.it\/it\/le-collezioni-darte\/"]}]},{"@type":"BreadcrumbList","@id":"https:\/\/www.schlossvelthurns.it\/it\/le-collezioni-darte\/#breadcrumb","itemListElement":[{"@type":"ListItem","position":1,"name":"Home","item":"https:\/\/www.schlossvelthurns.it\/it\/castel-velturno\/"},{"@type":"ListItem","position":2,"name":"Le collezioni d&#8217;arte"}]},{"@type":"WebSite","@id":"https:\/\/www.schlossvelthurns.it\/it\/#website","url":"https:\/\/www.schlossvelthurns.it\/it\/","name":"Castel Velturno","description":"La residenza estiva dei principi vescovi","potentialAction":[{"@type":"SearchAction","target":{"@type":"EntryPoint","urlTemplate":"https:\/\/www.schlossvelthurns.it\/it\/?s={search_term_string}"},"query-input":{"@type":"PropertyValueSpecification","valueRequired":true,"valueName":"search_term_string"}}],"inLanguage":"it-IT"}]}},"_links":{"self":[{"href":"https:\/\/www.schlossvelthurns.it\/it\/wp-json\/wp\/v2\/pages\/3749","targetHints":{"allow":["GET"]}}],"collection":[{"href":"https:\/\/www.schlossvelthurns.it\/it\/wp-json\/wp\/v2\/pages"}],"about":[{"href":"https:\/\/www.schlossvelthurns.it\/it\/wp-json\/wp\/v2\/types\/page"}],"author":[{"embeddable":true,"href":"https:\/\/www.schlossvelthurns.it\/it\/wp-json\/wp\/v2\/users\/2"}],"replies":[{"embeddable":true,"href":"https:\/\/www.schlossvelthurns.it\/it\/wp-json\/wp\/v2\/comments?post=3749"}],"version-history":[{"count":0,"href":"https:\/\/www.schlossvelthurns.it\/it\/wp-json\/wp\/v2\/pages\/3749\/revisions"}],"wp:attachment":[{"href":"https:\/\/www.schlossvelthurns.it\/it\/wp-json\/wp\/v2\/media?parent=3749"}],"curies":[{"name":"wp","href":"https:\/\/api.w.org\/{rel}","templated":true}]}}