{"id":3767,"date":"2014-05-20T16:07:14","date_gmt":"2014-05-20T14:07:14","guid":{"rendered":"https:\/\/www.schlossvelthurns.it\/?page_id=3767"},"modified":"2014-06-13T16:35:20","modified_gmt":"2014-06-13T14:35:20","slug":"pitture-parietali-e-boiserie","status":"publish","type":"page","link":"https:\/\/www.schlossvelthurns.it\/it\/pitture-parietali-e-boiserie\/","title":{"rendered":"Pitture parietali e boiseries"},"content":{"rendered":"<div  class='flex_column av-av_one_full-2a9015ff38129c418a3f2eafba3e9512 av_one_full  avia-builder-el-0  el_before_av_one_full  avia-builder-el-first  first flex_column_div  '     ><p>\n<style type=\"text\/css\" data-created_by=\"avia_inline_auto\" id=\"style-css-av-av_heading-8c3998c6436112a90fecc3bfc2e3d64c\">\n#top .av-special-heading.av-av_heading-8c3998c6436112a90fecc3bfc2e3d64c{\npadding-bottom:20px;\n}\nbody .av-special-heading.av-av_heading-8c3998c6436112a90fecc3bfc2e3d64c .av-special-heading-tag .heading-char{\nfont-size:25px;\n}\n.av-special-heading.av-av_heading-8c3998c6436112a90fecc3bfc2e3d64c .av-subheading{\nfont-size:10px;\n}\n<\/style>\n<div  class='av-special-heading av-av_heading-8c3998c6436112a90fecc3bfc2e3d64c av-special-heading-h1 blockquote modern-quote  avia-builder-el-1  el_before_av_image  avia-builder-el-first '><h1 class='av-special-heading-tag '  itemprop=\"headline\"  >Pitture parietali e boiseries<\/h1><div class=\"special-heading-border\"><div class=\"special-heading-inner-border\"><\/div><\/div><\/div><br \/>\n\n<style type=\"text\/css\" data-created_by=\"avia_inline_auto\" id=\"style-css-av-av_image-fb4a7d5af9415f352cf86221a5d886ff\">\n.avia-image-container.av-av_image-fb4a7d5af9415f352cf86221a5d886ff img.avia_image{\nbox-shadow:none;\n}\n.avia-image-container.av-av_image-fb4a7d5af9415f352cf86221a5d886ff .av-image-caption-overlay-center{\ncolor:#ffffff;\n}\n<\/style>\n<div  class='avia-image-container av-av_image-fb4a7d5af9415f352cf86221a5d886ff av-styling- av-img-linked avia_animated_image av-animated-when-visible-95 right-to-left avia-align-  avia-builder-el-2  el_after_av_heading  avia-builder-el-last '   itemprop=\"image\" itemscope=\"itemscope\" itemtype=\"https:\/\/schema.org\/ImageObject\" ><div class=\"avia-image-container-inner\"><div class=\"avia-image-overlay-wrap\"><a href=\"https:\/\/www.schlossvelthurns.it\/wp-content\/uploads\/2014\/04\/schloss-velthurns-wandmalereien.jpg\" data-srcset=\"https:\/\/www.schlossvelthurns.it\/wp-content\/uploads\/2014\/04\/schloss-velthurns-wandmalereien.jpg 1000w, https:\/\/www.schlossvelthurns.it\/wp-content\/uploads\/2014\/04\/schloss-velthurns-wandmalereien-300x199.jpg 300w, https:\/\/www.schlossvelthurns.it\/wp-content\/uploads\/2014\/04\/schloss-velthurns-wandmalereien-705x469.jpg 705w, https:\/\/www.schlossvelthurns.it\/wp-content\/uploads\/2014\/04\/schloss-velthurns-wandmalereien-450x299.jpg 450w\" data-sizes=\"(max-width: 1000px) 100vw, 1000px\" class='avia_image '  aria-label='schloss-velthurns-wandmalereien'><img decoding=\"async\" width=\"1000\" height=\"666\" fetchpriority=\"high\" class='wp-image-3495 avia-img-lazy-loading-not-3495 avia_image ' src=\"https:\/\/www.schlossvelthurns.it\/wp-content\/uploads\/2014\/04\/schloss-velthurns-wandmalereien.jpg\" alt='' title='schloss-velthurns-wandmalereien'   itemprop=\"thumbnailUrl\" srcset=\"https:\/\/www.schlossvelthurns.it\/wp-content\/uploads\/2014\/04\/schloss-velthurns-wandmalereien.jpg 1000w, https:\/\/www.schlossvelthurns.it\/wp-content\/uploads\/2014\/04\/schloss-velthurns-wandmalereien-300x199.jpg 300w, https:\/\/www.schlossvelthurns.it\/wp-content\/uploads\/2014\/04\/schloss-velthurns-wandmalereien-705x469.jpg 705w, https:\/\/www.schlossvelthurns.it\/wp-content\/uploads\/2014\/04\/schloss-velthurns-wandmalereien-450x299.jpg 450w\" sizes=\"(max-width: 1000px) 100vw, 1000px\" \/><\/a><\/div><\/div><\/div><\/p><\/div><div  class='flex_column av-av_one_full-2a9015ff38129c418a3f2eafba3e9512 av_one_full  avia-builder-el-3  el_after_av_one_full  avia-builder-el-last  first flex_column_div  column-top-margin'     ><section  class='av_textblock_section av-av_textblock-41ffad917e94b84caba77a0632290d8a '   itemscope=\"itemscope\" itemtype=\"https:\/\/schema.org\/CreativeWork\" ><div class='avia_textblock'  itemprop=\"text\" ><p>Dato lo stato di avanzamento dei lavori, all\u2019inizio del 1580 si cominci\u00f2 a pensare alle decorazioni parietali. Hans Spineider di Merano, il falegname pi\u00f9 apprezzato del Tirolo meridionale, fu chiamato a Velturno dal principe vescovo per studiare la situazione e sottoscrivere il contratto per la realizzazione delle boiseries. I legni utilizzati provenivano dalle foreste di Luson, Varna e dalla Val Gardena. Entro la fine del 1580 Spineider complet\u00f2 le boiseries del primo piano. Il tornitore Georg Oberwanger realizz\u00f2 delle rosette per il soffitto a cassettoni della sala che furono successivamente dorate da Georg Trabl. L\u2019artigiano Wolf pos\u00f2 il pavimento in listelli di legno. L\u2019apertura dei due oculi per illuminare il vano scale fu richiesta personalmente dal principe vescovo Spaur.<\/p>\n<p>Dalle fonti disponibili si possono desumere i nomi dei numerosi artigiani che parteciparono alla costruzione. Il fabbro brissinese Oswald Giggenberger realizz\u00f2 le inferriate delle finestre al pian terreno, il falegname Nikolaus Topf costru\u00ec invece le finestre incorporate nei muri e i telai delle porte, l\u2019artigiano Wolf di Velturno mont\u00f2 il ponteggio di legno e si preoccup\u00f2 di far arrivare il legno da costruzione. Il lattoniere Hans Zendl di Bressanone si occup\u00f2 delle due sfere di rame con le bandierine per decorare il tetto, mentre la decorazione pittorica fu affidata a David Solbach.<\/p>\n<p>L\u2019emblema in marmo sulla porta che si affaccia sul cortile interno, con il simbolo araldico del principe vescovo Spaur, fu realizzato a Trento.<\/p>\n<p>Nel 1580 David Solbach dipinse due meridiane e lo stemma del committente sulla facciata intonacata e dipinta. Delle meridiane oggi solo quella sulla facciata sud \u00e8 ancora ben visibile, mentre quella sul lato est \u00e8 notevolmente sbiadita. Il maestro Albrecht decor\u00f2 le facciate con motivi in ferro battuto attorno alle cornici delle finestre. Per le 175 finestre del palazzo, Spaur ordin\u00f2 150 tondi in vetro da Augusta; come intermediaria entr\u00f2 in scena una parente del principe vescovo, la baronessa Veronika von Spaur, nata Fugger, mentre il trasporto da Augusta a Innsbruck fu affidato all\u2019imprenditore di Vipiteno Michael Geizkofler. I nomi dei vetrai si possono evincere dai lavori eseguiti al secondo piano, che videro Stefan Pfeifer e Sebastian Atteler impegnati nell\u2019applicazione dei tondi.<\/p>\n<p><img loading=\"lazy\" decoding=\"async\" class=\"alignright wp-image-3673 size-medium\" src=\"https:\/\/www.schlossvelthurns.it\/wp-content\/uploads\/2014\/04\/schloss-velthurns-wandmalereien2-200x300.jpg\" alt=\"schloss-velthurns-wandmalereien2\" width=\"200\" height=\"300\" srcset=\"https:\/\/www.schlossvelthurns.it\/wp-content\/uploads\/2014\/04\/schloss-velthurns-wandmalereien2-200x300.jpg 200w, https:\/\/www.schlossvelthurns.it\/wp-content\/uploads\/2014\/04\/schloss-velthurns-wandmalereien2-470x705.jpg 470w, https:\/\/www.schlossvelthurns.it\/wp-content\/uploads\/2014\/04\/schloss-velthurns-wandmalereien2-450x675.jpg 450w, https:\/\/www.schlossvelthurns.it\/wp-content\/uploads\/2014\/04\/schloss-velthurns-wandmalereien2.jpg 500w\" sizes=\"auto, (max-width: 200px) 100vw, 200px\" \/>Michael Prugger di Bressanone costru\u00ec due stufe in maiolica per il primo piano collocate una nella stube piccola e una in quella grande. Anche i nomi dei fabbri sono noti: Gregor Schinnagl realizz\u00f2 le grate di ferro, mentre Gallus Erschbaumer le bandelle di ferro delle porte e delle cassette da parete. Il legno di cirmolo utilizzato per la boiserie fu ricavato dalle foreste di Scaleres, mentre quello di olivo a Rovereto, il legno venato fu acquistato ad Augusta per 160 fiorini, il legno di ciliegio e di noce a Snodres e quello di abete a Luson. Al secondo piano furono impiegati anche il legno di tiglio e di pero.<\/p>\n<p>Resta ancora dubbia la forma della copertura originaria. Nel 1980 l\u2019edificio fu ricoperto con scandole di larice che enfatizzano il carattere rurale della struttura.<\/p>\n<p>La decorazione pittorica delle stanze del primo piano fu eseguita tra il 1582 e il 1583 da Michele e Orazio da Brescia, collaboratori di Pietro Maria Bagnatore (1548\u20131625 circa). Per le pitture del piano nobile, il principe vescovo incaric\u00f2 lo stesso Bagnatore tra il 1583 e il 1584. Questi, in seguito, lavor\u00f2 anche a Trento dove dipinse la cappella di Palazzo Fugger su incarico di Georg Fugger e della consorte Helena von Madrutz, sorella del principe vescovo di Trento Carl Gaudenz. La pala d\u2019altare per la cappella raffigurante l\u2019uccisione dei martiri della Val di Non \u00e8 andata perduta.<\/p>\n<p>Le rosette sui soffitti a cassettoni del secondo piano furono intagliate principalmente da Thomas Parth, figlio dell\u2019intagliatore Michael Parth di Brunico, che si occup\u00f2 anche della doratura delle rosette tornite da Oberwanger. Seguendo in parte i disegni dei pittori Solbach e Bagnatore, i falegnami Spineider e Hans Rumpfer lavorarono alla boiserie e ai battenti della porta della Stanza del Principe, facendosi affiancare da numerosi aiutanti e apprendisti. I sopraporte furono apposti solo dopo che furono eseguite le pitture parietali. Il basamento della stufa con i quattro leoni seduti in marmo rosso, posta nella Stanza del Principe, fu realizzato dallo scalpellino Jakob del Gallo da Cles in Val di Non, le formelle invece dal fumista di Bolzano Paul Pidensdorfer. Gli stemmi furono eseguiti secondo i modelli di Georg Trabl che si occup\u00f2 anche dei decori pittorici blu.<\/p>\n<\/div><\/section><\/div><\/p>\n","protected":false},"excerpt":{"rendered":"","protected":false},"author":2,"featured_media":0,"parent":0,"menu_order":0,"comment_status":"closed","ping_status":"closed","template":"","meta":{"footnotes":""},"class_list":["post-3767","page","type-page","status-publish","hentry"],"yoast_head":"<!-- This site is optimized with the Yoast SEO plugin v27.5 - https:\/\/yoast.com\/product\/yoast-seo-wordpress\/ -->\n<title>Pitture parietali e boiseries<\/title>\n<meta name=\"robots\" content=\"index, follow, max-snippet:-1, max-image-preview:large, max-video-preview:-1\" \/>\n<link rel=\"canonical\" href=\"https:\/\/www.schlossvelthurns.it\/it\/pitture-parietali-e-boiserie\/\" \/>\n<meta property=\"og:locale\" content=\"it_IT\" \/>\n<meta property=\"og:type\" content=\"article\" \/>\n<meta property=\"og:title\" content=\"Pitture parietali e boiseries\" \/>\n<meta property=\"og:url\" content=\"https:\/\/www.schlossvelthurns.it\/it\/pitture-parietali-e-boiserie\/\" \/>\n<meta property=\"og:site_name\" content=\"Castel Velturno\" \/>\n<meta property=\"article:modified_time\" content=\"2014-06-13T14:35:20+00:00\" \/>\n<meta property=\"og:image\" content=\"https:\/\/www.schlossvelthurns.it\/wp-content\/uploads\/2014\/04\/schloss-velthurns-wandmalereien2-200x300.jpg\" \/>\n<meta name=\"twitter:label1\" content=\"Tempo di lettura stimato\" \/>\n\t<meta name=\"twitter:data1\" content=\"4 minuti\" \/>\n<script type=\"application\/ld+json\" class=\"yoast-schema-graph\">{\"@context\":\"https:\\\/\\\/schema.org\",\"@graph\":[{\"@type\":\"WebPage\",\"@id\":\"https:\\\/\\\/www.schlossvelthurns.it\\\/it\\\/pitture-parietali-e-boiserie\\\/\",\"url\":\"https:\\\/\\\/www.schlossvelthurns.it\\\/it\\\/pitture-parietali-e-boiserie\\\/\",\"name\":\"Pitture parietali e boiseries\",\"isPartOf\":{\"@id\":\"https:\\\/\\\/www.schlossvelthurns.it\\\/it\\\/#website\"},\"primaryImageOfPage\":{\"@id\":\"https:\\\/\\\/www.schlossvelthurns.it\\\/it\\\/pitture-parietali-e-boiserie\\\/#primaryimage\"},\"image\":{\"@id\":\"https:\\\/\\\/www.schlossvelthurns.it\\\/it\\\/pitture-parietali-e-boiserie\\\/#primaryimage\"},\"thumbnailUrl\":\"https:\\\/\\\/www.schlossvelthurns.it\\\/wp-content\\\/uploads\\\/2014\\\/04\\\/schloss-velthurns-wandmalereien2-200x300.jpg\",\"datePublished\":\"2014-05-20T14:07:14+00:00\",\"dateModified\":\"2014-06-13T14:35:20+00:00\",\"breadcrumb\":{\"@id\":\"https:\\\/\\\/www.schlossvelthurns.it\\\/it\\\/pitture-parietali-e-boiserie\\\/#breadcrumb\"},\"inLanguage\":\"it-IT\",\"potentialAction\":[{\"@type\":\"ReadAction\",\"target\":[\"https:\\\/\\\/www.schlossvelthurns.it\\\/it\\\/pitture-parietali-e-boiserie\\\/\"]}]},{\"@type\":\"ImageObject\",\"inLanguage\":\"it-IT\",\"@id\":\"https:\\\/\\\/www.schlossvelthurns.it\\\/it\\\/pitture-parietali-e-boiserie\\\/#primaryimage\",\"url\":\"https:\\\/\\\/www.schlossvelthurns.it\\\/wp-content\\\/uploads\\\/2014\\\/04\\\/schloss-velthurns-wandmalereien2-200x300.jpg\",\"contentUrl\":\"https:\\\/\\\/www.schlossvelthurns.it\\\/wp-content\\\/uploads\\\/2014\\\/04\\\/schloss-velthurns-wandmalereien2-200x300.jpg\"},{\"@type\":\"BreadcrumbList\",\"@id\":\"https:\\\/\\\/www.schlossvelthurns.it\\\/it\\\/pitture-parietali-e-boiserie\\\/#breadcrumb\",\"itemListElement\":[{\"@type\":\"ListItem\",\"position\":1,\"name\":\"Home\",\"item\":\"https:\\\/\\\/www.schlossvelthurns.it\\\/it\\\/castel-velturno\\\/\"},{\"@type\":\"ListItem\",\"position\":2,\"name\":\"Pitture parietali e boiseries\"}]},{\"@type\":\"WebSite\",\"@id\":\"https:\\\/\\\/www.schlossvelthurns.it\\\/it\\\/#website\",\"url\":\"https:\\\/\\\/www.schlossvelthurns.it\\\/it\\\/\",\"name\":\"Castel Velturno\",\"description\":\"La residenza estiva dei principi vescovi\",\"potentialAction\":[{\"@type\":\"SearchAction\",\"target\":{\"@type\":\"EntryPoint\",\"urlTemplate\":\"https:\\\/\\\/www.schlossvelthurns.it\\\/it\\\/?s={search_term_string}\"},\"query-input\":{\"@type\":\"PropertyValueSpecification\",\"valueRequired\":true,\"valueName\":\"search_term_string\"}}],\"inLanguage\":\"it-IT\"}]}<\/script>\n<!-- \/ Yoast SEO plugin. -->","yoast_head_json":{"title":"Pitture parietali e boiseries","robots":{"index":"index","follow":"follow","max-snippet":"max-snippet:-1","max-image-preview":"max-image-preview:large","max-video-preview":"max-video-preview:-1"},"canonical":"https:\/\/www.schlossvelthurns.it\/it\/pitture-parietali-e-boiserie\/","og_locale":"it_IT","og_type":"article","og_title":"Pitture parietali e boiseries","og_url":"https:\/\/www.schlossvelthurns.it\/it\/pitture-parietali-e-boiserie\/","og_site_name":"Castel Velturno","article_modified_time":"2014-06-13T14:35:20+00:00","og_image":[{"url":"https:\/\/www.schlossvelthurns.it\/wp-content\/uploads\/2014\/04\/schloss-velthurns-wandmalereien2-200x300.jpg","type":"","width":"","height":""}],"twitter_misc":{"Tempo di lettura stimato":"4 minuti"},"schema":{"@context":"https:\/\/schema.org","@graph":[{"@type":"WebPage","@id":"https:\/\/www.schlossvelthurns.it\/it\/pitture-parietali-e-boiserie\/","url":"https:\/\/www.schlossvelthurns.it\/it\/pitture-parietali-e-boiserie\/","name":"Pitture parietali e boiseries","isPartOf":{"@id":"https:\/\/www.schlossvelthurns.it\/it\/#website"},"primaryImageOfPage":{"@id":"https:\/\/www.schlossvelthurns.it\/it\/pitture-parietali-e-boiserie\/#primaryimage"},"image":{"@id":"https:\/\/www.schlossvelthurns.it\/it\/pitture-parietali-e-boiserie\/#primaryimage"},"thumbnailUrl":"https:\/\/www.schlossvelthurns.it\/wp-content\/uploads\/2014\/04\/schloss-velthurns-wandmalereien2-200x300.jpg","datePublished":"2014-05-20T14:07:14+00:00","dateModified":"2014-06-13T14:35:20+00:00","breadcrumb":{"@id":"https:\/\/www.schlossvelthurns.it\/it\/pitture-parietali-e-boiserie\/#breadcrumb"},"inLanguage":"it-IT","potentialAction":[{"@type":"ReadAction","target":["https:\/\/www.schlossvelthurns.it\/it\/pitture-parietali-e-boiserie\/"]}]},{"@type":"ImageObject","inLanguage":"it-IT","@id":"https:\/\/www.schlossvelthurns.it\/it\/pitture-parietali-e-boiserie\/#primaryimage","url":"https:\/\/www.schlossvelthurns.it\/wp-content\/uploads\/2014\/04\/schloss-velthurns-wandmalereien2-200x300.jpg","contentUrl":"https:\/\/www.schlossvelthurns.it\/wp-content\/uploads\/2014\/04\/schloss-velthurns-wandmalereien2-200x300.jpg"},{"@type":"BreadcrumbList","@id":"https:\/\/www.schlossvelthurns.it\/it\/pitture-parietali-e-boiserie\/#breadcrumb","itemListElement":[{"@type":"ListItem","position":1,"name":"Home","item":"https:\/\/www.schlossvelthurns.it\/it\/castel-velturno\/"},{"@type":"ListItem","position":2,"name":"Pitture parietali e boiseries"}]},{"@type":"WebSite","@id":"https:\/\/www.schlossvelthurns.it\/it\/#website","url":"https:\/\/www.schlossvelthurns.it\/it\/","name":"Castel Velturno","description":"La residenza estiva dei principi vescovi","potentialAction":[{"@type":"SearchAction","target":{"@type":"EntryPoint","urlTemplate":"https:\/\/www.schlossvelthurns.it\/it\/?s={search_term_string}"},"query-input":{"@type":"PropertyValueSpecification","valueRequired":true,"valueName":"search_term_string"}}],"inLanguage":"it-IT"}]}},"_links":{"self":[{"href":"https:\/\/www.schlossvelthurns.it\/it\/wp-json\/wp\/v2\/pages\/3767","targetHints":{"allow":["GET"]}}],"collection":[{"href":"https:\/\/www.schlossvelthurns.it\/it\/wp-json\/wp\/v2\/pages"}],"about":[{"href":"https:\/\/www.schlossvelthurns.it\/it\/wp-json\/wp\/v2\/types\/page"}],"author":[{"embeddable":true,"href":"https:\/\/www.schlossvelthurns.it\/it\/wp-json\/wp\/v2\/users\/2"}],"replies":[{"embeddable":true,"href":"https:\/\/www.schlossvelthurns.it\/it\/wp-json\/wp\/v2\/comments?post=3767"}],"version-history":[{"count":0,"href":"https:\/\/www.schlossvelthurns.it\/it\/wp-json\/wp\/v2\/pages\/3767\/revisions"}],"wp:attachment":[{"href":"https:\/\/www.schlossvelthurns.it\/it\/wp-json\/wp\/v2\/media?parent=3767"}],"curies":[{"name":"wp","href":"https:\/\/api.w.org\/{rel}","templated":true}]}}